{"id":329,"date":"2020-10-30T13:30:44","date_gmt":"2020-10-30T12:30:44","guid":{"rendered":"https:\/\/www.laboratoridau.com\/news-blog\/"},"modified":"2021-09-08T17:41:25","modified_gmt":"2021-09-08T15:41:25","slug":"noticies","status":"publish","type":"page","link":"https:\/\/www.laboratoridau.com\/ca\/noticies\/","title":{"rendered":"Not\u00edcies"},"content":{"rendered":"<p><div class=\"fusion-fullwidth fullwidth-box fusion-builder-row-1 fusion-flex-container franja fons-clar nonhundred-percent-fullwidth non-hundred-percent-height-scrolling\" style=\"--awb-border-radius-top-left:0px;--awb-border-radius-top-right:0px;--awb-border-radius-bottom-right:0px;--awb-border-radius-bottom-left:0px;--awb-background-color:#ffffff;--awb-flex-wrap:wrap;\" ><div class=\"fusion-builder-row fusion-row fusion-flex-align-items-center fusion-flex-justify-content-center fusion-flex-content-wrap\" style=\"max-width:1664px;margin-left: calc(-4% \/ 2 );margin-right: calc(-4% \/ 2 );\"><div class=\"fusion-layout-column fusion_builder_column fusion-builder-column-0 fusion_builder_column_1_1 1_1 fusion-flex-column\" style=\"--awb-bg-size:cover;--awb-width-large:100%;--awb-margin-top-large:0px;--awb-spacing-right-large:1.92%;--awb-margin-bottom-large:0px;--awb-spacing-left-large:1.92%;--awb-width-medium:100%;--awb-order-medium:0;--awb-spacing-right-medium:1.92%;--awb-spacing-left-medium:1.92%;--awb-width-small:100%;--awb-order-small:0;--awb-spacing-right-small:1.92%;--awb-spacing-left-small:1.92%;\"><div class=\"fusion-column-wrapper fusion-column-has-shadow fusion-flex-justify-content-flex-start fusion-content-layout-column\"><div class=\"fusion-title title fusion-title-1 fusion-sep-none fusion-title-center fusion-title-text fusion-title-size-one maj\"><h1 class=\"fusion-title-heading title-heading-center fusion-responsive-typography-calculated\" style=\"margin:0;--fontSize:40;line-height:1.4;\">Not\u00edcies<\/h1><\/div><\/div><\/div><\/div><\/div>\n<div class=\"fusion-fullwidth fullwidth-box fusion-builder-row-2 fusion-flex-container nonhundred-percent-fullwidth non-hundred-percent-height-scrolling\" style=\"--awb-border-radius-top-left:0px;--awb-border-radius-top-right:0px;--awb-border-radius-bottom-right:0px;--awb-border-radius-bottom-left:0px;--awb-padding-top:60px;--awb-padding-right:60px;--awb-padding-left:60px;--awb-padding-right-medium:30px;--awb-padding-left-medium:30px;--awb-padding-right-small:0px;--awb-padding-left-small:0px;--awb-flex-wrap:wrap;\" ><div class=\"fusion-builder-row fusion-row fusion-flex-align-items-flex-start fusion-flex-justify-content-center fusion-flex-content-wrap\" style=\"max-width:1664px;margin-left: calc(-4% \/ 2 );margin-right: calc(-4% \/ 2 );\"><div class=\"fusion-layout-column fusion_builder_column fusion-builder-column-1 fusion_builder_column_1_1 1_1 fusion-flex-column\" style=\"--awb-bg-size:cover;--awb-width-large:100%;--awb-margin-top-large:0px;--awb-spacing-right-large:1.92%;--awb-margin-bottom-large:0px;--awb-spacing-left-large:1.92%;--awb-width-medium:100%;--awb-order-medium:0;--awb-spacing-right-medium:1.92%;--awb-spacing-left-medium:1.92%;--awb-width-small:100%;--awb-order-small:0;--awb-spacing-right-small:1.92%;--awb-spacing-left-small:1.92%;\"><div class=\"fusion-column-wrapper fusion-column-has-shadow fusion-flex-justify-content-flex-start fusion-content-layout-column\"><div class=\"fusion-blog-shortcode fusion-blog-shortcode-1 fusion-blog-archive fusion-blog-layout-grid-wrapper fusion-blog-infinite blog-news\"><style type=\"text\/css\">.fusion-blog-shortcode-1 .fusion-blog-layout-grid .fusion-post-grid{padding:20px;}.fusion-blog-shortcode-1 .fusion-posts-container{margin-left: -20px !important; margin-right:-20px !important;}<\/style><div class=\"fusion-posts-container fusion-posts-container-infinite fusion-posts-container-load-more fusion-blog-layout-grid fusion-blog-layout-grid-3 isotope fusion-blog-equal-heights\" data-pages=\"2\" data-grid-col-space=\"40\" style=\"margin: -20px -20px 0;min-height:500px;\"><article id=\"blog-1-post-10524\" class=\"fusion-post-grid post-10524 post type-post status-publish format-standard has-post-thumbnail hentry category-noticies\">\n<div class=\"fusion-post-wrapper\" style=\"background-color:rgba(255,255,255,0);border:1px solid #ebeaea;border-bottom-width:3px;\">\n\n\t\t\t<div class=\"fusion-flexslider flexslider fusion-flexslider-loading fusion-post-slideshow\" style=\"border-color:#ebeaea;\">\n\t\t<ul class=\"slides\">\n\t\t\t\n\t\t\t\t\t\t\t\t\t\t\t\t\t\t<li><div  class=\"fusion-image-wrapper\" aria-haspopup=\"true\">\n\t\t\t\t\t\t\t<a href=\"https:\/\/www.laboratoridau.com\/ca\/cphi-al-cor-de-la-industria-farmaceutica\/\" aria-label=\"CPHI Al cor de la ind\u00fastria farmac\u00e8utica\">\n\t\t\t\t\t\t\t<img decoding=\"async\" width=\"938\" height=\"737\" src=\"https:\/\/www.laboratoridau.com\/wp-content\/uploads\/2024\/09\/feria-farmaceutica-europea-cphi.jpg\" class=\"attachment-full size-full lazyload wp-post-image\" alt=\"\" srcset=\"data:image\/svg+xml,%3Csvg%20xmlns%3D%27http%3A%2F%2Fwww.w3.org%2F2000%2Fsvg%27%20width%3D%27938%27%20height%3D%27737%27%20viewBox%3D%270%200%20938%20737%27%3E%3Crect%20width%3D%27938%27%20height%3D%27737%27%20fill-opacity%3D%220%22%2F%3E%3C%2Fsvg%3E\" data-orig-src=\"https:\/\/www.laboratoridau.com\/wp-content\/uploads\/2024\/09\/feria-farmaceutica-europea-cphi.jpg\" data-srcset=\"https:\/\/www.laboratoridau.com\/wp-content\/uploads\/2024\/09\/feria-farmaceutica-europea-cphi-200x157.jpg 200w, https:\/\/www.laboratoridau.com\/wp-content\/uploads\/2024\/09\/feria-farmaceutica-europea-cphi-400x314.jpg 400w, https:\/\/www.laboratoridau.com\/wp-content\/uploads\/2024\/09\/feria-farmaceutica-europea-cphi-600x471.jpg 600w, https:\/\/www.laboratoridau.com\/wp-content\/uploads\/2024\/09\/feria-farmaceutica-europea-cphi-800x629.jpg 800w, https:\/\/www.laboratoridau.com\/wp-content\/uploads\/2024\/09\/feria-farmaceutica-europea-cphi.jpg 938w\" data-sizes=\"auto\" \/>\t\t\t<\/a>\n\t\t\t\t\t\t\t<\/div>\n<\/li>\n\t\t\t\n\t\t\t\n\t\t\t\t\t\t\t\t<\/ul>\n\t<\/div>\n\t<div class=\"fusion-post-content-wrapper\" style=\"padding:30px 25px 20px 25px;\"><div class=\"fusion-post-content post-content\"><h2 class=\"blog-shortcode-post-title\"><a href=\"https:\/\/www.laboratoridau.com\/ca\/cphi-al-cor-de-la-industria-farmaceutica\/\">CPHI Al cor de la ind\u00fastria farmac\u00e8utica<\/a><\/h2><p class=\"fusion-single-line-meta\"><span>25 setembre 2024<\/span><span class=\"fusion-inline-sep\">|<\/span><\/p><div class=\"fusion-content-sep sep-none\"><\/div><div class=\"fusion-post-content-container\"><p> Tenim el plaer d'informar-los que serem presents a Mil\u00e0, a la FIRA FARMAC\u00c8UTICA EUROPEA CPHI \u2013 MIL\u00c0 .  Estarem encantats de saludar-los i presentar-los les nostres novetats en serveis de: Importaci\u00f3, An\u00e0lisi<a href=\"https:\/\/www.laboratoridau.com\/ca\/cphi-al-cor-de-la-industria-farmaceutica\/\"> ...<\/a><\/p><\/div><\/div><div class=\"fusion-meta-info\"><div class=\"fusion-alignleft\"><a class=\"fusion-read-more\" href=\"https:\/\/www.laboratoridau.com\/ca\/cphi-al-cor-de-la-industria-farmaceutica\/\" aria-label=\"More on CPHI Al cor de la ind\u00fastria farmac\u00e8utica\">LLegir m\u00e9s<\/a><\/div><\/div><\/div><div class=\"fusion-clearfix\"><\/div><\/div>\n<\/article>\n<article id=\"blog-1-post-10505\" class=\"fusion-post-grid post-10505 post type-post status-publish format-standard has-post-thumbnail hentry category-noticies\">\n<div class=\"fusion-post-wrapper\" style=\"background-color:rgba(255,255,255,0);border:1px solid #ebeaea;border-bottom-width:3px;\">\n\n\t\t\t<div class=\"fusion-flexslider flexslider fusion-flexslider-loading fusion-post-slideshow\" style=\"border-color:#ebeaea;\">\n\t\t<ul class=\"slides\">\n\t\t\t\n\t\t\t\t\t\t\t\t\t\t\t\t\t\t<li><div  class=\"fusion-image-wrapper\" aria-haspopup=\"true\">\n\t\t\t\t\t\t\t<a href=\"https:\/\/www.laboratoridau.com\/ca\/ens-complau-informar-lo-que-estarem-a-farmaforum-a-recinte-ifema-madrid\/\" aria-label=\"Ens complau informar-lo que estarem a FARMAFORUM a RECINTE IFEMA, Madrid\">\n\t\t\t\t\t\t\t<img decoding=\"async\" width=\"1400\" height=\"758\" src=\"https:\/\/www.laboratoridau.com\/wp-content\/uploads\/2024\/09\/farmaforum-1.jpg\" class=\"attachment-full size-full lazyload wp-post-image\" alt=\"\" srcset=\"data:image\/svg+xml,%3Csvg%20xmlns%3D%27http%3A%2F%2Fwww.w3.org%2F2000%2Fsvg%27%20width%3D%271400%27%20height%3D%27758%27%20viewBox%3D%270%200%201400%20758%27%3E%3Crect%20width%3D%271400%27%20height%3D%27758%27%20fill-opacity%3D%220%22%2F%3E%3C%2Fsvg%3E\" data-orig-src=\"https:\/\/www.laboratoridau.com\/wp-content\/uploads\/2024\/09\/farmaforum-1.jpg\" data-srcset=\"https:\/\/www.laboratoridau.com\/wp-content\/uploads\/2024\/09\/farmaforum-1-200x108.jpg 200w, https:\/\/www.laboratoridau.com\/wp-content\/uploads\/2024\/09\/farmaforum-1-400x217.jpg 400w, https:\/\/www.laboratoridau.com\/wp-content\/uploads\/2024\/09\/farmaforum-1-600x325.jpg 600w, https:\/\/www.laboratoridau.com\/wp-content\/uploads\/2024\/09\/farmaforum-1-800x433.jpg 800w, https:\/\/www.laboratoridau.com\/wp-content\/uploads\/2024\/09\/farmaforum-1-1200x650.jpg 1200w, https:\/\/www.laboratoridau.com\/wp-content\/uploads\/2024\/09\/farmaforum-1.jpg 1400w\" data-sizes=\"auto\" \/>\t\t\t<\/a>\n\t\t\t\t\t\t\t<\/div>\n<\/li>\n\t\t\t\n\t\t\t\n\t\t\t\t\t\t\t\t<\/ul>\n\t<\/div>\n\t<div class=\"fusion-post-content-wrapper\" style=\"padding:30px 25px 20px 25px;\"><div class=\"fusion-post-content post-content\"><h2 class=\"blog-shortcode-post-title\"><a href=\"https:\/\/www.laboratoridau.com\/ca\/ens-complau-informar-lo-que-estarem-a-farmaforum-a-recinte-ifema-madrid\/\">Ens complau informar-lo que estarem a FARMAFORUM a RECINTE IFEMA, Madrid<\/a><\/h2><p class=\"fusion-single-line-meta\"><span>18 setembre 2024<\/span><span class=\"fusion-inline-sep\">|<\/span><\/p><div class=\"fusion-content-sep sep-none\"><\/div><div class=\"fusion-post-content-container\"><p>  Ens complau informar-lo que estarem a FARMAFORUM a RECINTE IFEMA, Madrid Estand N\u00ba H10 Del 25 al 26 de Setembre 2024 Presentarem els nous serveis i projectes com COPAKAGER a Cosm\u00e8tica i<a href=\"https:\/\/www.laboratoridau.com\/ca\/ens-complau-informar-lo-que-estarem-a-farmaforum-a-recinte-ifema-madrid\/\"> ...<\/a><\/p><\/div><\/div><div class=\"fusion-meta-info\"><div class=\"fusion-alignleft\"><a class=\"fusion-read-more\" href=\"https:\/\/www.laboratoridau.com\/ca\/ens-complau-informar-lo-que-estarem-a-farmaforum-a-recinte-ifema-madrid\/\" aria-label=\"More on Ens complau informar-lo que estarem a FARMAFORUM a RECINTE IFEMA, Madrid\">LLegir m\u00e9s<\/a><\/div><\/div><\/div><div class=\"fusion-clearfix\"><\/div><\/div>\n<\/article>\n<article id=\"blog-1-post-3335\" class=\"fusion-post-grid post-3335 post type-post status-publish format-standard has-post-thumbnail hentry category-noticies\">\n<div class=\"fusion-post-wrapper\" style=\"background-color:rgba(255,255,255,0);border:1px solid #ebeaea;border-bottom-width:3px;\">\n\n\t\t\t<div class=\"fusion-flexslider flexslider fusion-flexslider-loading fusion-post-slideshow\" style=\"border-color:#ebeaea;\">\n\t\t<ul class=\"slides\">\n\t\t\t\n\t\t\t\t\t\t\t\t\t\t\t\t\t\t<li><div  class=\"fusion-image-wrapper\" aria-haspopup=\"true\">\n\t\t\t\t\t\t\t<a href=\"https:\/\/www.laboratoridau.com\/ca\/laboratori-fundacio-dau-estrena-nueva-web\/\" aria-label=\"LABORATORI FUNDACI\u00d3 DAU ESTRENA NOVA WEB\">\n\t\t\t\t\t\t\t<img decoding=\"async\" width=\"1015\" height=\"654\" src=\"https:\/\/www.laboratoridau.com\/wp-content\/uploads\/2021\/11\/Clipboard01-1.jpg\" class=\"attachment-full size-full lazyload wp-post-image\" alt=\"\" srcset=\"data:image\/svg+xml,%3Csvg%20xmlns%3D%27http%3A%2F%2Fwww.w3.org%2F2000%2Fsvg%27%20width%3D%271015%27%20height%3D%27654%27%20viewBox%3D%270%200%201015%20654%27%3E%3Crect%20width%3D%271015%27%20height%3D%27654%27%20fill-opacity%3D%220%22%2F%3E%3C%2Fsvg%3E\" data-orig-src=\"https:\/\/www.laboratoridau.com\/wp-content\/uploads\/2021\/11\/Clipboard01-1.jpg\" data-srcset=\"https:\/\/www.laboratoridau.com\/wp-content\/uploads\/2021\/11\/Clipboard01-1-200x129.jpg 200w, https:\/\/www.laboratoridau.com\/wp-content\/uploads\/2021\/11\/Clipboard01-1-400x258.jpg 400w, https:\/\/www.laboratoridau.com\/wp-content\/uploads\/2021\/11\/Clipboard01-1-600x387.jpg 600w, https:\/\/www.laboratoridau.com\/wp-content\/uploads\/2021\/11\/Clipboard01-1-800x515.jpg 800w, https:\/\/www.laboratoridau.com\/wp-content\/uploads\/2021\/11\/Clipboard01-1.jpg 1015w\" data-sizes=\"auto\" \/>\t\t\t<\/a>\n\t\t\t\t\t\t\t<\/div>\n<\/li>\n\t\t\t\n\t\t\t\n\t\t\t\t\t\t\t\t<\/ul>\n\t<\/div>\n\t<div class=\"fusion-post-content-wrapper\" style=\"padding:30px 25px 20px 25px;\"><div class=\"fusion-post-content post-content\"><h2 class=\"blog-shortcode-post-title\"><a href=\"https:\/\/www.laboratoridau.com\/ca\/laboratori-fundacio-dau-estrena-nueva-web\/\">LABORATORI FUNDACI\u00d3 DAU ESTRENA NOVA WEB<\/a><\/h2><p class=\"fusion-single-line-meta\"><span>15 desembre 2021<\/span><span class=\"fusion-inline-sep\">|<\/span><\/p><div class=\"fusion-content-sep sep-none\"><\/div><div class=\"fusion-post-content-container\"><p>A Laboratori Dau tanquem l\u2019any renovant la nostra web amb l\u2019actualitzaci\u00f3 del nous serveis als clients . Hem millorat l\u2019accessibilitat i la visualitzaci\u00f3 de la informaci\u00f3, apostant per una experi\u00e8ncia del usuari m\u00e9s \u00e0gil,<a href=\"https:\/\/www.laboratoridau.com\/ca\/laboratori-fundacio-dau-estrena-nueva-web\/\"> ...<\/a><\/p><\/div><\/div><div class=\"fusion-meta-info\"><div class=\"fusion-alignleft\"><a class=\"fusion-read-more\" href=\"https:\/\/www.laboratoridau.com\/ca\/laboratori-fundacio-dau-estrena-nueva-web\/\" aria-label=\"More on LABORATORI FUNDACI\u00d3 DAU ESTRENA NOVA WEB\">LLegir m\u00e9s<\/a><\/div><\/div><\/div><div class=\"fusion-clearfix\"><\/div><\/div>\n<\/article>\n<article id=\"blog-1-post-3290\" class=\"fusion-post-grid post-3290 post type-post status-publish format-standard has-post-thumbnail hentry category-noticies\">\n<div class=\"fusion-post-wrapper\" style=\"background-color:rgba(255,255,255,0);border:1px solid #ebeaea;border-bottom-width:3px;\">\n\n\t\t\t<div class=\"fusion-flexslider flexslider fusion-flexslider-loading fusion-post-slideshow\" style=\"border-color:#ebeaea;\">\n\t\t<ul class=\"slides\">\n\t\t\t\n\t\t\t\t\t\t\t\t\t\t\t\t\t\t<li><div  class=\"fusion-image-wrapper\" aria-haspopup=\"true\">\n\t\t\t\t\t\t\t<a href=\"https:\/\/www.laboratoridau.com\/ca\/ac-primaro-de-medicamentos-en-fase-de-investigacion\/\" aria-label=\"AC. PRIMARI DE MEDICAMENTS EN FASE D&#8217;INVESTIGACI\u00d3\">\n\t\t\t\t\t\t\t<img decoding=\"async\" width=\"300\" height=\"233\" src=\"https:\/\/www.laboratoridau.com\/wp-content\/uploads\/2021\/11\/FRASCO-ANONIMO-COMP..jpg\" class=\"attachment-full size-full lazyload wp-post-image\" alt=\"\" srcset=\"data:image\/svg+xml,%3Csvg%20xmlns%3D%27http%3A%2F%2Fwww.w3.org%2F2000%2Fsvg%27%20width%3D%27300%27%20height%3D%27233%27%20viewBox%3D%270%200%20300%20233%27%3E%3Crect%20width%3D%27300%27%20height%3D%27233%27%20fill-opacity%3D%220%22%2F%3E%3C%2Fsvg%3E\" data-orig-src=\"https:\/\/www.laboratoridau.com\/wp-content\/uploads\/2021\/11\/FRASCO-ANONIMO-COMP..jpg\" data-srcset=\"https:\/\/www.laboratoridau.com\/wp-content\/uploads\/2021\/11\/FRASCO-ANONIMO-COMP.-200x155.jpg 200w, https:\/\/www.laboratoridau.com\/wp-content\/uploads\/2021\/11\/FRASCO-ANONIMO-COMP..jpg 300w\" data-sizes=\"auto\" \/>\t\t\t<\/a>\n\t\t\t\t\t\t\t<\/div>\n<\/li>\n\t\t\t\n\t\t\t\n\t\t\t\t\t\t\t\t<\/ul>\n\t<\/div>\n\t<div class=\"fusion-post-content-wrapper\" style=\"padding:30px 25px 20px 25px;\"><div class=\"fusion-post-content post-content\"><h2 class=\"blog-shortcode-post-title\"><a href=\"https:\/\/www.laboratoridau.com\/ca\/ac-primaro-de-medicamentos-en-fase-de-investigacion\/\">AC. PRIMARI DE MEDICAMENTS EN FASE D&#8217;INVESTIGACI\u00d3<\/a><\/h2><p class=\"fusion-single-line-meta\"><span>16 novembre 2021<\/span><span class=\"fusion-inline-sep\">|<\/span><\/p><div class=\"fusion-content-sep sep-none\"><\/div><div class=\"fusion-post-content-container\"><p>Ampliem l'abast de l'acondicionament de medicaments en fase d'investigaci\u00f3. L'AEMPS ha autoritzat l'activitat d'envasat de medicaments s\u00f2lids per a assajos cl\u00ednics. Aquesta nova activitat complementa els serveis d'acondicionament secundari, importaci\u00f3 i certificaci\u00f3 de lots<a href=\"https:\/\/www.laboratoridau.com\/ca\/ac-primaro-de-medicamentos-en-fase-de-investigacion\/\"> ...<\/a><\/p><\/div><\/div><div class=\"fusion-meta-info\"><div class=\"fusion-alignleft\"><a class=\"fusion-read-more\" href=\"https:\/\/www.laboratoridau.com\/ca\/ac-primaro-de-medicamentos-en-fase-de-investigacion\/\" aria-label=\"More on AC. PRIMARI DE MEDICAMENTS EN FASE D&#8217;INVESTIGACI\u00d3\">LLegir m\u00e9s<\/a><\/div><\/div><\/div><div class=\"fusion-clearfix\"><\/div><\/div>\n<\/article>\n<article id=\"blog-1-post-1541\" class=\"fusion-post-grid post-1541 post type-post status-publish format-standard has-post-thumbnail hentry category-noticies\">\n<div class=\"fusion-post-wrapper\" style=\"background-color:rgba(255,255,255,0);border:1px solid #ebeaea;border-bottom-width:3px;\">\n\n\t\t\t<div class=\"fusion-flexslider flexslider fusion-flexslider-loading fusion-post-slideshow\" style=\"border-color:#ebeaea;\">\n\t\t<ul class=\"slides\">\n\t\t\t\n\t\t\t\t\t\t\t\t\t\t\t\t\t\t<li><div  class=\"fusion-image-wrapper\" aria-haspopup=\"true\">\n\t\t\t\t\t\t\t<a href=\"https:\/\/www.laboratoridau.com\/ca\/nova-autoritzacio-per-a-la-importacio-de-medicaments-en-fase-dinvestigacio\/\" aria-label=\"Nova autoritzaci\u00f3 per a la importaci\u00f3 de medicaments en fase d&#8217;investigaci\u00f3\">\n\t\t\t\t\t\t\t<img decoding=\"async\" width=\"600\" height=\"436\" src=\"https:\/\/www.laboratoridau.com\/wp-content\/uploads\/2020\/07\/laboratori-dau-autorizacion-importacion-investigacion-1.jpg\" class=\"attachment-full size-full lazyload wp-post-image\" alt=\"\" srcset=\"data:image\/svg+xml,%3Csvg%20xmlns%3D%27http%3A%2F%2Fwww.w3.org%2F2000%2Fsvg%27%20width%3D%27600%27%20height%3D%27436%27%20viewBox%3D%270%200%20600%20436%27%3E%3Crect%20width%3D%27600%27%20height%3D%27436%27%20fill-opacity%3D%220%22%2F%3E%3C%2Fsvg%3E\" data-orig-src=\"https:\/\/www.laboratoridau.com\/wp-content\/uploads\/2020\/07\/laboratori-dau-autorizacion-importacion-investigacion-1.jpg\" data-srcset=\"https:\/\/www.laboratoridau.com\/wp-content\/uploads\/2020\/07\/laboratori-dau-autorizacion-importacion-investigacion-1-200x145.jpg 200w, https:\/\/www.laboratoridau.com\/wp-content\/uploads\/2020\/07\/laboratori-dau-autorizacion-importacion-investigacion-1-400x291.jpg 400w, https:\/\/www.laboratoridau.com\/wp-content\/uploads\/2020\/07\/laboratori-dau-autorizacion-importacion-investigacion-1.jpg 600w\" data-sizes=\"auto\" \/>\t\t\t<\/a>\n\t\t\t\t\t\t\t<\/div>\n<\/li>\n\t\t\t\n\t\t\t\n\t\t\t\t\t\t\t\t<\/ul>\n\t<\/div>\n\t<div class=\"fusion-post-content-wrapper\" style=\"padding:30px 25px 20px 25px;\"><div class=\"fusion-post-content post-content\"><h2 class=\"blog-shortcode-post-title\"><a href=\"https:\/\/www.laboratoridau.com\/ca\/nova-autoritzacio-per-a-la-importacio-de-medicaments-en-fase-dinvestigacio\/\">Nova autoritzaci\u00f3 per a la importaci\u00f3 de medicaments en fase d&#8217;investigaci\u00f3<\/a><\/h2><p class=\"fusion-single-line-meta\"><span>10 juliol 2020<\/span><span class=\"fusion-inline-sep\">|<\/span><\/p><div class=\"fusion-content-sep sep-none\"><\/div><div class=\"fusion-post-content-container\"><p>Laboratori DAU amplia l'abast de les activitats de fabricaci\u00f3 de medicaments en Fase d\u2019 Investigaci\u00f3 obtinguda en 2015 a activitats d'Importaci\u00f3 que inclouen l'an\u00e0lisi el control i la certificaci\u00f3 de lots de medicaments en<a href=\"https:\/\/www.laboratoridau.com\/ca\/nova-autoritzacio-per-a-la-importacio-de-medicaments-en-fase-dinvestigacio\/\"> ...<\/a><\/p><\/div><\/div><div class=\"fusion-meta-info\"><div class=\"fusion-alignleft\"><a class=\"fusion-read-more\" href=\"https:\/\/www.laboratoridau.com\/ca\/nova-autoritzacio-per-a-la-importacio-de-medicaments-en-fase-dinvestigacio\/\" aria-label=\"More on Nova autoritzaci\u00f3 per a la importaci\u00f3 de medicaments en fase d&#8217;investigaci\u00f3\">LLegir m\u00e9s<\/a><\/div><\/div><\/div><div class=\"fusion-clearfix\"><\/div><\/div>\n<\/article>\n<article id=\"blog-1-post-1605\" class=\"fusion-post-grid post-1605 post type-post status-publish format-standard has-post-thumbnail hentry category-noticies\">\n<div class=\"fusion-post-wrapper\" style=\"background-color:rgba(255,255,255,0);border:1px solid #ebeaea;border-bottom-width:3px;\">\n\n\t\t\t<div class=\"fusion-flexslider flexslider fusion-flexslider-loading fusion-post-slideshow\" style=\"border-color:#ebeaea;\">\n\t\t<ul class=\"slides\">\n\t\t\t\n\t\t\t\t\t\t\t\t\t\t\t\t\t\t<li><div  class=\"fusion-image-wrapper\" aria-haspopup=\"true\">\n\t\t\t\t\t\t\t<a href=\"https:\/\/www.laboratoridau.com\/ca\/laboratori-dau-amplia-larea-de-qualitat\/\" aria-label=\"Laboratori DAU amplia l&#8217;\u00e0rea de qualitat\">\n\t\t\t\t\t\t\t<img decoding=\"async\" width=\"600\" height=\"345\" src=\"https:\/\/www.laboratoridau.com\/wp-content\/uploads\/2021\/04\/laboratori-dau-amplia-el-area-de-calidad-1.jpg\" class=\"attachment-full size-full lazyload wp-post-image\" alt=\"\" srcset=\"data:image\/svg+xml,%3Csvg%20xmlns%3D%27http%3A%2F%2Fwww.w3.org%2F2000%2Fsvg%27%20width%3D%27600%27%20height%3D%27345%27%20viewBox%3D%270%200%20600%20345%27%3E%3Crect%20width%3D%27600%27%20height%3D%27345%27%20fill-opacity%3D%220%22%2F%3E%3C%2Fsvg%3E\" data-orig-src=\"https:\/\/www.laboratoridau.com\/wp-content\/uploads\/2021\/04\/laboratori-dau-amplia-el-area-de-calidad-1.jpg\" data-srcset=\"https:\/\/www.laboratoridau.com\/wp-content\/uploads\/2021\/04\/laboratori-dau-amplia-el-area-de-calidad-1-200x115.jpg 200w, https:\/\/www.laboratoridau.com\/wp-content\/uploads\/2021\/04\/laboratori-dau-amplia-el-area-de-calidad-1-400x230.jpg 400w, https:\/\/www.laboratoridau.com\/wp-content\/uploads\/2021\/04\/laboratori-dau-amplia-el-area-de-calidad-1.jpg 600w\" data-sizes=\"auto\" \/>\t\t\t<\/a>\n\t\t\t\t\t\t\t<\/div>\n<\/li>\n\t\t\t\n\t\t\t\n\t\t\t\t\t\t\t\t<\/ul>\n\t<\/div>\n\t<div class=\"fusion-post-content-wrapper\" style=\"padding:30px 25px 20px 25px;\"><div class=\"fusion-post-content post-content\"><h2 class=\"blog-shortcode-post-title\"><a href=\"https:\/\/www.laboratoridau.com\/ca\/laboratori-dau-amplia-larea-de-qualitat\/\">Laboratori DAU amplia l&#8217;\u00e0rea de qualitat<\/a><\/h2><p class=\"fusion-single-line-meta\"><span>10 maig 2020<\/span><span class=\"fusion-inline-sep\">|<\/span><\/p><div class=\"fusion-content-sep sep-none\"><\/div><div class=\"fusion-post-content-container\"><p> Laboratori DAU amplia l'equip de Qualitat per fer front a l'augment de l'activitat en l'\u00e0rea farmac\u00e8utica de laboratori de packaging i de Control de Qualitat de medicaments. L'ampliaci\u00f3 implica la incorporaci\u00f3 de t\u00e8cnics<a href=\"https:\/\/www.laboratoridau.com\/ca\/laboratori-dau-amplia-larea-de-qualitat\/\"> ...<\/a><\/p><\/div><\/div><div class=\"fusion-meta-info\"><div class=\"fusion-alignleft\"><a class=\"fusion-read-more\" href=\"https:\/\/www.laboratoridau.com\/ca\/laboratori-dau-amplia-larea-de-qualitat\/\" aria-label=\"More on Laboratori DAU amplia l&#8217;\u00e0rea de qualitat\">LLegir m\u00e9s<\/a><\/div><\/div><\/div><div class=\"fusion-clearfix\"><\/div><\/div>\n<\/article>\n<article id=\"blog-1-post-1611\" class=\"fusion-post-grid post-1611 post type-post status-publish format-standard has-post-thumbnail hentry category-noticies\">\n<div class=\"fusion-post-wrapper\" style=\"background-color:rgba(255,255,255,0);border:1px solid #ebeaea;border-bottom-width:3px;\">\n\n\t\t\t<div class=\"fusion-flexslider flexslider fusion-flexslider-loading fusion-post-slideshow\" style=\"border-color:#ebeaea;\">\n\t\t<ul class=\"slides\">\n\t\t\t\n\t\t\t\t\t\t\t\t\t\t\t\t\t\t<li><div  class=\"fusion-image-wrapper\" aria-haspopup=\"true\">\n\t\t\t\t\t\t\t<a href=\"https:\/\/www.laboratoridau.com\/ca\/laboratori-dau-doblara-la-capacitat-de-laboratori-de-control-de-qualitat\/\" aria-label=\"Laboratori DAU doblar\u00e0 la capacitat de laboratori de control de qualitat\">\n\t\t\t\t\t\t\t<img decoding=\"async\" width=\"1920\" height=\"1293\" src=\"https:\/\/www.laboratoridau.com\/wp-content\/uploads\/2021\/09\/laboratori-dau-control-calidad-c.jpg\" class=\"attachment-full size-full lazyload wp-post-image\" alt=\"Laboratori DAU control calidad\" srcset=\"data:image\/svg+xml,%3Csvg%20xmlns%3D%27http%3A%2F%2Fwww.w3.org%2F2000%2Fsvg%27%20width%3D%271920%27%20height%3D%271293%27%20viewBox%3D%270%200%201920%201293%27%3E%3Crect%20width%3D%271920%27%20height%3D%271293%27%20fill-opacity%3D%220%22%2F%3E%3C%2Fsvg%3E\" data-orig-src=\"https:\/\/www.laboratoridau.com\/wp-content\/uploads\/2021\/09\/laboratori-dau-control-calidad-c.jpg\" data-srcset=\"https:\/\/www.laboratoridau.com\/wp-content\/uploads\/2021\/09\/laboratori-dau-control-calidad-c-200x135.jpg 200w, https:\/\/www.laboratoridau.com\/wp-content\/uploads\/2021\/09\/laboratori-dau-control-calidad-c-400x269.jpg 400w, https:\/\/www.laboratoridau.com\/wp-content\/uploads\/2021\/09\/laboratori-dau-control-calidad-c-600x404.jpg 600w, https:\/\/www.laboratoridau.com\/wp-content\/uploads\/2021\/09\/laboratori-dau-control-calidad-c-800x539.jpg 800w, https:\/\/www.laboratoridau.com\/wp-content\/uploads\/2021\/09\/laboratori-dau-control-calidad-c-1200x808.jpg 1200w, https:\/\/www.laboratoridau.com\/wp-content\/uploads\/2021\/09\/laboratori-dau-control-calidad-c.jpg 1920w\" data-sizes=\"auto\" \/>\t\t\t<\/a>\n\t\t\t\t\t\t\t<\/div>\n<\/li>\n\t\t\t\n\t\t\t\n\t\t\t\t\t\t\t\t<\/ul>\n\t<\/div>\n\t<div class=\"fusion-post-content-wrapper\" style=\"padding:30px 25px 20px 25px;\"><div class=\"fusion-post-content post-content\"><h2 class=\"blog-shortcode-post-title\"><a href=\"https:\/\/www.laboratoridau.com\/ca\/laboratori-dau-doblara-la-capacitat-de-laboratori-de-control-de-qualitat\/\">Laboratori DAU doblar\u00e0 la capacitat de laboratori de control de qualitat<\/a><\/h2><p class=\"fusion-single-line-meta\"><span>15 mar\u00e7 2020<\/span><span class=\"fusion-inline-sep\">|<\/span><\/p><div class=\"fusion-content-sep sep-none\"><\/div><div class=\"fusion-post-content-container\"><p>Amb l'objectiu de donar resposta a l'augment sostingut de la demanda d'el sector farmac\u00e8utic, la Fundaci\u00f3 DAU invertir\u00e0 350.000 euros per doblar la capacitat productiva delLaboratori d'an\u00e0lisi de medicaments.Des de 2015 en qu\u00e8 DAU<a href=\"https:\/\/www.laboratoridau.com\/ca\/laboratori-dau-doblara-la-capacitat-de-laboratori-de-control-de-qualitat\/\"> ...<\/a><\/p><\/div><\/div><div class=\"fusion-meta-info\"><div class=\"fusion-alignleft\"><a class=\"fusion-read-more\" href=\"https:\/\/www.laboratoridau.com\/ca\/laboratori-dau-doblara-la-capacitat-de-laboratori-de-control-de-qualitat\/\" aria-label=\"More on Laboratori DAU doblar\u00e0 la capacitat de laboratori de control de qualitat\">LLegir m\u00e9s<\/a><\/div><\/div><\/div><div class=\"fusion-clearfix\"><\/div><\/div>\n<\/article>\n<article id=\"blog-1-post-298\" class=\"fusion-post-grid post-298 post type-post status-publish format-standard has-post-thumbnail hentry category-noticies\">\n<div class=\"fusion-post-wrapper\" style=\"background-color:rgba(255,255,255,0);border:1px solid #ebeaea;border-bottom-width:3px;\">\n\n\t\t\t<div class=\"fusion-flexslider flexslider fusion-flexslider-loading fusion-post-slideshow\" style=\"border-color:#ebeaea;\">\n\t\t<ul class=\"slides\">\n\t\t\t\n\t\t\t\t\t\t\t\t\t\t\t\t\t\t<li><div  class=\"fusion-image-wrapper\" aria-haspopup=\"true\">\n\t\t\t\t\t\t\t<a href=\"https:\/\/www.laboratoridau.com\/ca\/laboratori-fundacio-dau-participa-en-la-i-jornada-de-rsc-en-el-sector-de-la-belleza\/\" aria-label=\"Laboratori Fundaci\u00f3 DAU participa a la I Jornada de RSC en el sector de la bellesa\">\n\t\t\t\t\t\t\t<img decoding=\"async\" width=\"430\" height=\"242\" src=\"https:\/\/www.laboratoridau.com\/wp-content\/uploads\/2016\/05\/dau-jornada-rsc-cluster-beauty.jpg\" class=\"attachment-full size-full lazyload wp-post-image\" alt=\"\" srcset=\"data:image\/svg+xml,%3Csvg%20xmlns%3D%27http%3A%2F%2Fwww.w3.org%2F2000%2Fsvg%27%20width%3D%27430%27%20height%3D%27242%27%20viewBox%3D%270%200%20430%20242%27%3E%3Crect%20width%3D%27430%27%20height%3D%27242%27%20fill-opacity%3D%220%22%2F%3E%3C%2Fsvg%3E\" data-orig-src=\"https:\/\/www.laboratoridau.com\/wp-content\/uploads\/2016\/05\/dau-jornada-rsc-cluster-beauty.jpg\" data-srcset=\"https:\/\/www.laboratoridau.com\/wp-content\/uploads\/2016\/05\/dau-jornada-rsc-cluster-beauty-200x113.jpg 200w, https:\/\/www.laboratoridau.com\/wp-content\/uploads\/2016\/05\/dau-jornada-rsc-cluster-beauty-400x225.jpg 400w, https:\/\/www.laboratoridau.com\/wp-content\/uploads\/2016\/05\/dau-jornada-rsc-cluster-beauty.jpg 430w\" data-sizes=\"auto\" \/>\t\t\t<\/a>\n\t\t\t\t\t\t\t<\/div>\n<\/li>\n\t\t\t\n\t\t\t\n\t\t\t\t\t\t\t\t<\/ul>\n\t<\/div>\n\t<div class=\"fusion-post-content-wrapper\" style=\"padding:30px 25px 20px 25px;\"><div class=\"fusion-post-content post-content\"><h2 class=\"blog-shortcode-post-title\"><a href=\"https:\/\/www.laboratoridau.com\/ca\/laboratori-fundacio-dau-participa-en-la-i-jornada-de-rsc-en-el-sector-de-la-belleza\/\">Laboratori Fundaci\u00f3 DAU participa a la I Jornada de RSC en el sector de la bellesa<\/a><\/h2><p class=\"fusion-single-line-meta\"><span>18 maig 2016<\/span><span class=\"fusion-inline-sep\">|<\/span><\/p><div class=\"fusion-content-sep sep-none\"><\/div><div class=\"fusion-post-content-container\"><p> Laboratori DAU ha estat un dels ponents a la Jornada de Responsabilitat Social Corporativa (RSC) per compartir exemple d'empresa social que porta el seu RSC dins del seu propi ADN, en paraules de<a href=\"https:\/\/www.laboratoridau.com\/ca\/laboratori-fundacio-dau-participa-en-la-i-jornada-de-rsc-en-el-sector-de-la-belleza\/\"> ...<\/a><\/p><\/div><\/div><div class=\"fusion-meta-info\"><div class=\"fusion-alignleft\"><a class=\"fusion-read-more\" href=\"https:\/\/www.laboratoridau.com\/ca\/laboratori-fundacio-dau-participa-en-la-i-jornada-de-rsc-en-el-sector-de-la-belleza\/\" aria-label=\"More on Laboratori Fundaci\u00f3 DAU participa a la I Jornada de RSC en el sector de la bellesa\">LLegir m\u00e9s<\/a><\/div><\/div><\/div><div class=\"fusion-clearfix\"><\/div><\/div>\n<\/article>\n<article id=\"blog-1-post-291\" class=\"fusion-post-grid post-291 post type-post status-publish format-standard has-post-thumbnail hentry category-noticies\">\n<div class=\"fusion-post-wrapper\" style=\"background-color:rgba(255,255,255,0);border:1px solid #ebeaea;border-bottom-width:3px;\">\n\n\t\t\t<div class=\"fusion-flexslider flexslider fusion-flexslider-loading fusion-post-slideshow\" style=\"border-color:#ebeaea;\">\n\t\t<ul class=\"slides\">\n\t\t\t\n\t\t\t\t\t\t\t\t\t\t\t\t\t\t<li><div  class=\"fusion-image-wrapper\" aria-haspopup=\"true\">\n\t\t\t\t\t\t\t<a href=\"https:\/\/www.laboratoridau.com\/ca\/el-laboratorio-fundacio-dau-ha-sido-galardonado-con-el-premio-trifermed-al-impacto-social-en-salud\/\" aria-label=\"El Laboratori Fundaci\u00f3 DAU ha estat guardonat amb el Premi Trifermed a l\u2019impacte social en Salut\">\n\t\t\t\t\t\t\t<img decoding=\"async\" width=\"430\" height=\"323\" src=\"https:\/\/www.laboratoridau.com\/wp-content\/uploads\/2015\/06\/lliurament-del-premi-a-laboratori-dau.jpg\" class=\"attachment-full size-full lazyload wp-post-image\" alt=\"\" srcset=\"data:image\/svg+xml,%3Csvg%20xmlns%3D%27http%3A%2F%2Fwww.w3.org%2F2000%2Fsvg%27%20width%3D%27430%27%20height%3D%27323%27%20viewBox%3D%270%200%20430%20323%27%3E%3Crect%20width%3D%27430%27%20height%3D%27323%27%20fill-opacity%3D%220%22%2F%3E%3C%2Fsvg%3E\" data-orig-src=\"https:\/\/www.laboratoridau.com\/wp-content\/uploads\/2015\/06\/lliurament-del-premi-a-laboratori-dau.jpg\" data-srcset=\"https:\/\/www.laboratoridau.com\/wp-content\/uploads\/2015\/06\/lliurament-del-premi-a-laboratori-dau-200x150.jpg 200w, https:\/\/www.laboratoridau.com\/wp-content\/uploads\/2015\/06\/lliurament-del-premi-a-laboratori-dau-400x300.jpg 400w, https:\/\/www.laboratoridau.com\/wp-content\/uploads\/2015\/06\/lliurament-del-premi-a-laboratori-dau.jpg 430w\" data-sizes=\"auto\" \/>\t\t\t<\/a>\n\t\t\t\t\t\t\t<\/div>\n<\/li>\n\t\t\t\n\t\t\t\n\t\t\t\t\t\t\t\t<\/ul>\n\t<\/div>\n\t<div class=\"fusion-post-content-wrapper\" style=\"padding:30px 25px 20px 25px;\"><div class=\"fusion-post-content post-content\"><h2 class=\"blog-shortcode-post-title\"><a href=\"https:\/\/www.laboratoridau.com\/ca\/el-laboratorio-fundacio-dau-ha-sido-galardonado-con-el-premio-trifermed-al-impacto-social-en-salud\/\">El Laboratori Fundaci\u00f3 DAU ha estat guardonat amb el Premi Trifermed a l\u2019impacte social en Salut<\/a><\/h2><p class=\"fusion-single-line-meta\"><span>30 juny 2015<\/span><span class=\"fusion-inline-sep\">|<\/span><\/p><div class=\"fusion-content-sep sep-none\"><\/div><div class=\"fusion-post-content-container\"><p> Caixa Forum, Barcelona, 26.06.2015 El Laboratori DAU ha estat un dels quatre guanyadors de la Primera Edici\u00f3 dels Trifermed Social Impact in Healthcare Awards, que reconeixen iniciatives amb impacte social en l'\u00e0mbit de<a href=\"https:\/\/www.laboratoridau.com\/ca\/el-laboratorio-fundacio-dau-ha-sido-galardonado-con-el-premio-trifermed-al-impacto-social-en-salud\/\"> ...<\/a><\/p><\/div><\/div><div class=\"fusion-meta-info\"><div class=\"fusion-alignleft\"><a class=\"fusion-read-more\" href=\"https:\/\/www.laboratoridau.com\/ca\/el-laboratorio-fundacio-dau-ha-sido-galardonado-con-el-premio-trifermed-al-impacto-social-en-salud\/\" aria-label=\"More on El Laboratori Fundaci\u00f3 DAU ha estat guardonat amb el Premi Trifermed a l\u2019impacte social en Salut\">LLegir m\u00e9s<\/a><\/div><\/div><\/div><div class=\"fusion-clearfix\"><\/div><\/div>\n<\/article>\n<article id=\"blog-1-post-250\" class=\"fusion-post-grid post-250 post type-post status-publish format-standard has-post-thumbnail hentry category-noticies\">\n<div class=\"fusion-post-wrapper\" style=\"background-color:rgba(255,255,255,0);border:1px solid #ebeaea;border-bottom-width:3px;\">\n\n\t\t\t<div class=\"fusion-flexslider flexslider fusion-flexslider-loading fusion-post-slideshow\" style=\"border-color:#ebeaea;\">\n\t\t<ul class=\"slides\">\n\t\t\t\n\t\t\t\t\t\t\t\t\t\t\t\t\t\t<li><div  class=\"fusion-image-wrapper\" aria-haspopup=\"true\">\n\t\t\t\t\t\t\t<a href=\"https:\/\/www.laboratoridau.com\/ca\/laboratori-fundacio-dau-inaugura-el-laboratorio-de-control-de-calidad-de-medicamentos\/\" aria-label=\"Laboratori Fundaci\u00f3 Dau inaugura el Laboratorio de control de calidad de medicamentos\">\n\t\t\t\t\t\t\t<img decoding=\"async\" width=\"1920\" height=\"1280\" src=\"https:\/\/www.laboratoridau.com\/wp-content\/uploads\/2021\/03\/foto-ref-g1.jpg\" class=\"attachment-full size-full lazyload wp-post-image\" alt=\"\" srcset=\"data:image\/svg+xml,%3Csvg%20xmlns%3D%27http%3A%2F%2Fwww.w3.org%2F2000%2Fsvg%27%20width%3D%271920%27%20height%3D%271280%27%20viewBox%3D%270%200%201920%201280%27%3E%3Crect%20width%3D%271920%27%20height%3D%271280%27%20fill-opacity%3D%220%22%2F%3E%3C%2Fsvg%3E\" data-orig-src=\"https:\/\/www.laboratoridau.com\/wp-content\/uploads\/2021\/03\/foto-ref-g1.jpg\" data-srcset=\"https:\/\/www.laboratoridau.com\/wp-content\/uploads\/2021\/03\/foto-ref-g1-200x133.jpg 200w, https:\/\/www.laboratoridau.com\/wp-content\/uploads\/2021\/03\/foto-ref-g1-400x267.jpg 400w, https:\/\/www.laboratoridau.com\/wp-content\/uploads\/2021\/03\/foto-ref-g1-600x400.jpg 600w, https:\/\/www.laboratoridau.com\/wp-content\/uploads\/2021\/03\/foto-ref-g1-800x533.jpg 800w, https:\/\/www.laboratoridau.com\/wp-content\/uploads\/2021\/03\/foto-ref-g1-1200x800.jpg 1200w, https:\/\/www.laboratoridau.com\/wp-content\/uploads\/2021\/03\/foto-ref-g1.jpg 1920w\" data-sizes=\"auto\" \/>\t\t\t<\/a>\n\t\t\t\t\t\t\t<\/div>\n<\/li>\n\t\t\t\n\t\t\t\n\t\t\t\t\t\t\t\t<\/ul>\n\t<\/div>\n\t<div class=\"fusion-post-content-wrapper\" style=\"padding:30px 25px 20px 25px;\"><div class=\"fusion-post-content post-content\"><h2 class=\"blog-shortcode-post-title\"><a href=\"https:\/\/www.laboratoridau.com\/ca\/laboratori-fundacio-dau-inaugura-el-laboratorio-de-control-de-calidad-de-medicamentos\/\">Laboratori Fundaci\u00f3 Dau inaugura el Laboratorio de control de calidad de medicamentos<\/a><\/h2><p class=\"fusion-single-line-meta\"><span>12 mar\u00e7 2015<\/span><span class=\"fusion-inline-sep\">|<\/span><\/p><div class=\"fusion-content-sep sep-none\"><\/div><div class=\"fusion-post-content-container\"><p>El Alcalde de Barcelona ha inaugurado al Laboratorio de Control de Medicamentos a terceros ubicado en la planta que Laboratori Dau tiene en la Zona Franca de Barcelona. Esta nueva actividad farmac\u00e9utica permitir\u00e1 la<a href=\"https:\/\/www.laboratoridau.com\/ca\/laboratori-fundacio-dau-inaugura-el-laboratorio-de-control-de-calidad-de-medicamentos\/\"> ...<\/a><\/p><\/div><\/div><div class=\"fusion-meta-info\"><div class=\"fusion-alignleft\"><a class=\"fusion-read-more\" href=\"https:\/\/www.laboratoridau.com\/ca\/laboratori-fundacio-dau-inaugura-el-laboratorio-de-control-de-calidad-de-medicamentos\/\" aria-label=\"More on Laboratori Fundaci\u00f3 Dau inaugura el Laboratorio de control de calidad de medicamentos\">LLegir m\u00e9s<\/a><\/div><\/div><\/div><div class=\"fusion-clearfix\"><\/div><\/div>\n<\/article>\n<article id=\"blog-1-post-228\" class=\"fusion-post-grid post-228 post type-post status-publish format-standard has-post-thumbnail hentry category-noticies\">\n<div class=\"fusion-post-wrapper\" style=\"background-color:rgba(255,255,255,0);border:1px solid #ebeaea;border-bottom-width:3px;\">\n\n\t\t\t<div class=\"fusion-flexslider flexslider fusion-flexslider-loading fusion-post-slideshow\" style=\"border-color:#ebeaea;\">\n\t\t<ul class=\"slides\">\n\t\t\t\n\t\t\t\t\t\t\t\t\t\t\t\t\t\t<li><div  class=\"fusion-image-wrapper\" aria-haspopup=\"true\">\n\t\t\t\t\t\t\t<a href=\"https:\/\/www.laboratoridau.com\/ca\/laboratorio-dau-amplia-la-cartera-de-servicios-al-cliente\/\" aria-label=\"Laboratorio DAU amplia la cartera de servicios al cliente\">\n\t\t\t\t\t\t\t<img decoding=\"async\" width=\"1920\" height=\"941\" src=\"https:\/\/www.laboratoridau.com\/wp-content\/uploads\/2021\/03\/foto-ref-5.jpg\" class=\"attachment-full size-full lazyload wp-post-image\" alt=\"\" srcset=\"data:image\/svg+xml,%3Csvg%20xmlns%3D%27http%3A%2F%2Fwww.w3.org%2F2000%2Fsvg%27%20width%3D%271920%27%20height%3D%27941%27%20viewBox%3D%270%200%201920%20941%27%3E%3Crect%20width%3D%271920%27%20height%3D%27941%27%20fill-opacity%3D%220%22%2F%3E%3C%2Fsvg%3E\" data-orig-src=\"https:\/\/www.laboratoridau.com\/wp-content\/uploads\/2021\/03\/foto-ref-5.jpg\" data-srcset=\"https:\/\/www.laboratoridau.com\/wp-content\/uploads\/2021\/03\/foto-ref-5-200x98.jpg 200w, https:\/\/www.laboratoridau.com\/wp-content\/uploads\/2021\/03\/foto-ref-5-400x196.jpg 400w, https:\/\/www.laboratoridau.com\/wp-content\/uploads\/2021\/03\/foto-ref-5-600x294.jpg 600w, https:\/\/www.laboratoridau.com\/wp-content\/uploads\/2021\/03\/foto-ref-5-800x392.jpg 800w, https:\/\/www.laboratoridau.com\/wp-content\/uploads\/2021\/03\/foto-ref-5-1200x588.jpg 1200w, https:\/\/www.laboratoridau.com\/wp-content\/uploads\/2021\/03\/foto-ref-5.jpg 1920w\" data-sizes=\"auto\" \/>\t\t\t<\/a>\n\t\t\t\t\t\t\t<\/div>\n<\/li>\n\t\t\t\n\t\t\t\n\t\t\t\t\t\t\t\t<\/ul>\n\t<\/div>\n\t<div class=\"fusion-post-content-wrapper\" style=\"padding:30px 25px 20px 25px;\"><div class=\"fusion-post-content post-content\"><h2 class=\"blog-shortcode-post-title\"><a href=\"https:\/\/www.laboratoridau.com\/ca\/laboratorio-dau-amplia-la-cartera-de-servicios-al-cliente\/\">Laboratorio DAU amplia la cartera de servicios al cliente<\/a><\/h2><p class=\"fusion-single-line-meta\"><span>14 setembre 2012<\/span><span class=\"fusion-inline-sep\">|<\/span><\/p><div class=\"fusion-content-sep sep-none\"><\/div><div class=\"fusion-post-content-container\"><p> En julio 2012 Laboratorio DAU obtiene la autorizaci\u00f3n de la Agencia Espa\u00f1ola de Medicamentos y Productos Sanitarios para el Envasado de medicamentos s\u00f3lidos, de uso humano y veterinario, incluidos f\u00e1rmacos con requisitos especiales<a href=\"https:\/\/www.laboratoridau.com\/ca\/laboratorio-dau-amplia-la-cartera-de-servicios-al-cliente\/\"> ...<\/a><\/p><\/div><\/div><div class=\"fusion-meta-info\"><div class=\"fusion-alignleft\"><a class=\"fusion-read-more\" href=\"https:\/\/www.laboratoridau.com\/ca\/laboratorio-dau-amplia-la-cartera-de-servicios-al-cliente\/\" aria-label=\"More on Laboratorio DAU amplia la cartera de servicios al cliente\">LLegir m\u00e9s<\/a><\/div><\/div><\/div><div class=\"fusion-clearfix\"><\/div><\/div>\n<\/article>\n<article id=\"blog-1-post-224\" class=\"fusion-post-grid post-224 post type-post status-publish format-standard hentry category-noticies\">\n<div class=\"fusion-post-wrapper\" style=\"background-color:rgba(255,255,255,0);border:1px solid #ebeaea;border-bottom-width:3px;\">\n\n<div class=\"fusion-post-content-wrapper\" style=\"padding:30px 25px 20px 25px;\"><div class=\"fusion-post-content post-content\"><h2 class=\"blog-shortcode-post-title\"><a href=\"https:\/\/www.laboratoridau.com\/ca\/el-portal-dau-eficiencia-y-confianza-para-nuestro-cliente\/\">El Portal DAU , eficiencia y confianza para nuestro cliente<\/a><\/h2><p class=\"fusion-single-line-meta\"><span>15 novembre 2011<\/span><span class=\"fusion-inline-sep\">|<\/span><\/p><div class=\"fusion-content-sep sep-none\"><\/div><div class=\"fusion-post-content-container\"><p> En noviembre 2011 Dau ha incorporado a su ERP Small DAU una aplicaci\u00f3n que permite a sus clientes mantener actualizada la informaci\u00f3n sobre el estado de sus pedidos y tener acceso on line<a href=\"https:\/\/www.laboratoridau.com\/ca\/el-portal-dau-eficiencia-y-confianza-para-nuestro-cliente\/\"> ...<\/a><\/p><\/div><\/div><div class=\"fusion-meta-info\"><div class=\"fusion-alignleft\"><a class=\"fusion-read-more\" href=\"https:\/\/www.laboratoridau.com\/ca\/el-portal-dau-eficiencia-y-confianza-para-nuestro-cliente\/\" aria-label=\"More on El Portal DAU , eficiencia y confianza para nuestro cliente\">LLegir m\u00e9s<\/a><\/div><\/div><\/div><div class=\"fusion-clearfix\"><\/div><\/div>\n<\/article>\n<div class=\"fusion-clearfix\"><\/div><\/div><div class=\"fusion-infinite-scroll-trigger\"><\/div><div class=\"pagination infinite-scroll clearfix\" style=\"display:none;\"><span class=\"current\">1<\/span><a href=\"https:\/\/www.laboratoridau.com\/ca\/wp-json\/wp\/v2\/pages\/329\/page\/2\/\" class=\"inactive\">2<\/a><a class=\"pagination-next\" rel=\"next\" href=\"https:\/\/www.laboratoridau.com\/ca\/wp-json\/wp\/v2\/pages\/329\/page\/2\/\"><span class=\"page-text\">Seg\u00fcent<\/span><span class=\"page-next\"><\/span><\/a><\/div><div class=\"fusion-clearfix\"><\/div><button class=\"fusion-load-more-button fusion-blog-button fusion-clearfix\">Load More Posts<\/button><\/div><\/div><\/div><\/div><\/div>\n<\/p>\n","protected":false},"excerpt":{"rendered":"","protected":false},"author":1,"featured_media":0,"parent":0,"menu_order":0,"comment_status":"closed","ping_status":"closed","template":"100-width.php","meta":{"_acf_changed":false,"footnotes":""},"class_list":["post-329","page","type-page","status-publish","hentry"],"acf":[],"yoast_head":"<!-- This site is optimized with the Yoast SEO plugin v26.5 - https:\/\/yoast.com\/wordpress\/plugins\/seo\/ -->\n<title>Laboratori DAU - Not\u00edcies<\/title>\n<meta name=\"robots\" content=\"index, follow, max-snippet:-1, max-image-preview:large, max-video-preview:-1\" \/>\n<link rel=\"canonical\" href=\"https:\/\/www.laboratoridau.com\/ca\/noticies\/\" \/>\n<meta property=\"og:locale\" content=\"ca_ES\" \/>\n<meta property=\"og:type\" content=\"article\" \/>\n<meta property=\"og:title\" content=\"Laboratori DAU - Not\u00edcies\" \/>\n<meta property=\"og:url\" content=\"https:\/\/www.laboratoridau.com\/ca\/noticies\/\" \/>\n<meta property=\"og:site_name\" content=\"Laboratori DAU\" \/>\n<meta property=\"article:modified_time\" content=\"2021-09-08T15:41:25+00:00\" \/>\n<meta name=\"twitter:card\" content=\"summary_large_image\" \/>\n<meta name=\"twitter:label1\" content=\"Temps estimat de lectura\" \/>\n\t<meta name=\"twitter:data1\" content=\"3 minuts\" \/>\n<script type=\"application\/ld+json\" class=\"yoast-schema-graph\">{\"@context\":\"https:\/\/schema.org\",\"@graph\":[{\"@type\":\"WebPage\",\"@id\":\"https:\/\/www.laboratoridau.com\/ca\/noticies\/\",\"url\":\"https:\/\/www.laboratoridau.com\/ca\/noticies\/\",\"name\":\"Laboratori DAU - Not\u00edcies\",\"isPartOf\":{\"@id\":\"https:\/\/www.laboratoridau.com\/ca\/#website\"},\"datePublished\":\"2020-10-30T12:30:44+00:00\",\"dateModified\":\"2021-09-08T15:41:25+00:00\",\"breadcrumb\":{\"@id\":\"https:\/\/www.laboratoridau.com\/ca\/noticies\/#breadcrumb\"},\"inLanguage\":\"ca\",\"potentialAction\":[{\"@type\":\"ReadAction\",\"target\":[\"https:\/\/www.laboratoridau.com\/ca\/noticies\/\"]}]},{\"@type\":\"BreadcrumbList\",\"@id\":\"https:\/\/www.laboratoridau.com\/ca\/noticies\/#breadcrumb\",\"itemListElement\":[{\"@type\":\"ListItem\",\"position\":1,\"name\":\"Portada\",\"item\":\"https:\/\/www.laboratoridau.com\/ca\/home\/\"},{\"@type\":\"ListItem\",\"position\":2,\"name\":\"Not\u00edcies\"}]},{\"@type\":\"WebSite\",\"@id\":\"https:\/\/www.laboratoridau.com\/ca\/#website\",\"url\":\"https:\/\/www.laboratoridau.com\/ca\/\",\"name\":\"Laboratori DAU\",\"description\":\"Control de calidad y acondicionado de productos farmac\u00e9uticos\",\"publisher\":{\"@id\":\"https:\/\/www.laboratoridau.com\/ca\/#organization\"},\"potentialAction\":[{\"@type\":\"SearchAction\",\"target\":{\"@type\":\"EntryPoint\",\"urlTemplate\":\"https:\/\/www.laboratoridau.com\/ca\/?s={search_term_string}\"},\"query-input\":{\"@type\":\"PropertyValueSpecification\",\"valueRequired\":true,\"valueName\":\"search_term_string\"}}],\"inLanguage\":\"ca\"},{\"@type\":\"Organization\",\"@id\":\"https:\/\/www.laboratoridau.com\/ca\/#organization\",\"name\":\"Laboratori DAU\",\"url\":\"https:\/\/www.laboratoridau.com\/ca\/\",\"logo\":{\"@type\":\"ImageObject\",\"inLanguage\":\"ca\",\"@id\":\"https:\/\/www.laboratoridau.com\/ca\/#\/schema\/logo\/image\/\",\"url\":\"https:\/\/www.laboratoridau.com\/wp-content\/uploads\/2021\/03\/dau-logo-header-250.png\",\"contentUrl\":\"https:\/\/www.laboratoridau.com\/wp-content\/uploads\/2021\/03\/dau-logo-header-250.png\",\"width\":250,\"height\":94,\"caption\":\"Laboratori DAU\"},\"image\":{\"@id\":\"https:\/\/www.laboratoridau.com\/ca\/#\/schema\/logo\/image\/\"}}]}<\/script>\n<!-- \/ Yoast SEO plugin. -->","yoast_head_json":{"title":"Laboratori DAU - Not\u00edcies","robots":{"index":"index","follow":"follow","max-snippet":"max-snippet:-1","max-image-preview":"max-image-preview:large","max-video-preview":"max-video-preview:-1"},"canonical":"https:\/\/www.laboratoridau.com\/ca\/noticies\/","og_locale":"ca_ES","og_type":"article","og_title":"Laboratori DAU - Not\u00edcies","og_url":"https:\/\/www.laboratoridau.com\/ca\/noticies\/","og_site_name":"Laboratori DAU","article_modified_time":"2021-09-08T15:41:25+00:00","twitter_card":"summary_large_image","twitter_misc":{"Temps estimat de lectura":"3 minuts"},"schema":{"@context":"https:\/\/schema.org","@graph":[{"@type":"WebPage","@id":"https:\/\/www.laboratoridau.com\/ca\/noticies\/","url":"https:\/\/www.laboratoridau.com\/ca\/noticies\/","name":"Laboratori DAU - Not\u00edcies","isPartOf":{"@id":"https:\/\/www.laboratoridau.com\/ca\/#website"},"datePublished":"2020-10-30T12:30:44+00:00","dateModified":"2021-09-08T15:41:25+00:00","breadcrumb":{"@id":"https:\/\/www.laboratoridau.com\/ca\/noticies\/#breadcrumb"},"inLanguage":"ca","potentialAction":[{"@type":"ReadAction","target":["https:\/\/www.laboratoridau.com\/ca\/noticies\/"]}]},{"@type":"BreadcrumbList","@id":"https:\/\/www.laboratoridau.com\/ca\/noticies\/#breadcrumb","itemListElement":[{"@type":"ListItem","position":1,"name":"Portada","item":"https:\/\/www.laboratoridau.com\/ca\/home\/"},{"@type":"ListItem","position":2,"name":"Not\u00edcies"}]},{"@type":"WebSite","@id":"https:\/\/www.laboratoridau.com\/ca\/#website","url":"https:\/\/www.laboratoridau.com\/ca\/","name":"Laboratori DAU","description":"Control de calidad y acondicionado de productos farmac\u00e9uticos","publisher":{"@id":"https:\/\/www.laboratoridau.com\/ca\/#organization"},"potentialAction":[{"@type":"SearchAction","target":{"@type":"EntryPoint","urlTemplate":"https:\/\/www.laboratoridau.com\/ca\/?s={search_term_string}"},"query-input":{"@type":"PropertyValueSpecification","valueRequired":true,"valueName":"search_term_string"}}],"inLanguage":"ca"},{"@type":"Organization","@id":"https:\/\/www.laboratoridau.com\/ca\/#organization","name":"Laboratori DAU","url":"https:\/\/www.laboratoridau.com\/ca\/","logo":{"@type":"ImageObject","inLanguage":"ca","@id":"https:\/\/www.laboratoridau.com\/ca\/#\/schema\/logo\/image\/","url":"https:\/\/www.laboratoridau.com\/wp-content\/uploads\/2021\/03\/dau-logo-header-250.png","contentUrl":"https:\/\/www.laboratoridau.com\/wp-content\/uploads\/2021\/03\/dau-logo-header-250.png","width":250,"height":94,"caption":"Laboratori DAU"},"image":{"@id":"https:\/\/www.laboratoridau.com\/ca\/#\/schema\/logo\/image\/"}}]}},"_links":{"self":[{"href":"https:\/\/www.laboratoridau.com\/ca\/wp-json\/wp\/v2\/pages\/329","targetHints":{"allow":["GET"]}}],"collection":[{"href":"https:\/\/www.laboratoridau.com\/ca\/wp-json\/wp\/v2\/pages"}],"about":[{"href":"https:\/\/www.laboratoridau.com\/ca\/wp-json\/wp\/v2\/types\/page"}],"author":[{"embeddable":true,"href":"https:\/\/www.laboratoridau.com\/ca\/wp-json\/wp\/v2\/users\/1"}],"replies":[{"embeddable":true,"href":"https:\/\/www.laboratoridau.com\/ca\/wp-json\/wp\/v2\/comments?post=329"}],"version-history":[{"count":15,"href":"https:\/\/www.laboratoridau.com\/ca\/wp-json\/wp\/v2\/pages\/329\/revisions"}],"predecessor-version":[{"id":2851,"href":"https:\/\/www.laboratoridau.com\/ca\/wp-json\/wp\/v2\/pages\/329\/revisions\/2851"}],"wp:attachment":[{"href":"https:\/\/www.laboratoridau.com\/ca\/wp-json\/wp\/v2\/media?parent=329"}],"curies":[{"name":"wp","href":"https:\/\/api.w.org\/{rel}","templated":true}]}}